{"id":10,"date":"2019-12-15T17:29:54","date_gmt":"2019-12-15T16:29:54","guid":{"rendered":"https:\/\/vrtiskazak.com\/?page_id=10"},"modified":"2023-07-25T12:14:58","modified_gmt":"2023-07-25T10:14:58","slug":"studio","status":"publish","type":"page","link":"https:\/\/vrtiskazak.com\/cs\/studio\/","title":{"rendered":"Studio"},"content":{"rendered":"\n<p class=\"studio_story--caption plain\">Roman Vrti\u0161ka a Vladim\u00edr \u017d\u00e1k se potkali ji\u017e p\u0159i studiu na V\u0160UP, kde zapo\u010dali svoji spolupr\u00e1ci. Dohromady tak\u00e9 absolvovali st\u00e1\u017e na Alvar Aalto univerzit\u011b v Helsink\u00e1ch, kde byla jejich pr\u00e1ce n\u011bkolikr\u00e1t ocen\u011bna. Po absolvov\u00e1n\u00ed studia na V\u0160UP v Praze se stali sou\u010d\u00e1st\u00ed nastupuj\u00edc\u00ed sv\u011b\u017e\u00ed generace \u010desk\u00fdch design\u00e9r\u016f vyzna\u010duj\u00edc\u00ed se \u0161irokou \u0161k\u00e1lou z\u00e1jm\u016f a profesion\u00e1ln\u00edm p\u0159\u00edstupem k pr\u00e1ci. Od t\u00e9 doby se \u0159ad\u00ed mezi vyhled\u00e1van\u00e9 a respektovan\u00e9 tv\u016frce. Zakladatele pra\u017esk\u00e9ho studia Vrti\u0161ka &#038; \u017d\u00e1k, s v\u00edce ne\u017e desetiletou tradic\u00ed, spojuje p\u00edle, chu\u0165 p\u0159ekon\u00e1vat v\u00fdzvy a schopnost vid\u011bt potenci\u00e1l i tam, kde ostatn\u00edm z\u016fst\u00e1v\u00e1 skryt\u00fd. Jejich pr\u00e1ce pokr\u00fdv\u00e1 komplex oblast\u00ed od n\u00e1vrh\u016f produkt\u016f a\u017e po interi\u00e9ry a architekturu, od \u0159emesln\u00e9ho zpracov\u00e1n\u00ed a\u017e po pr\u016fmyslov\u00e9 m\u011b\u0159\u00edtko. Kreativita a nekonven\u010dn\u00ed my\u0161len\u00ed jsou z\u00e1sadn\u00ed hodnoty pro rozvoj jejich pr\u00e1ce.designu. <br><br>Jejich klienty jsou nap\u0159\u00edklad: Adidas, Avast, Belda Factory, Brokis, Devoto, Egoe\u0301, Heineken, Independent Catamaran, Jitona, Javorina, Moravske\u0301 skla\u0301rny Kve\u030ctna\u0301, KKCG, Klier, Kooperativa, Krus\u030covice, Lasvit, Lugi, mmcite\u0301, Pytloun hotels, Ravak, Rim, Ruukki, SanSwiss, Tereza Maxova\u0301, Teroforma, U1, USSPA, UP za\u0301vody, Verreum, Z\u00e1silkovna, ad.<\/p>\n\n\n\n<p class=\"studio_story--caption plain strong\">Od roku 2016 vedou Ateli\u00e9r designu n\u00e1bytku a&nbsp;interi\u00e9ru&nbsp;(D2) na&nbsp;V\u0160UP v&nbsp;Praze.<\/p>\n","protected":false},"excerpt":{"rendered":"<p>Roman Vrti\u0161ka a Vladim\u00edr \u017d\u00e1k se potkali ji\u017e p\u0159i studiu na V\u0160UP, kde zapo\u010dali svoji spolupr\u00e1ci. Dohromady tak\u00e9 absolvovali st\u00e1\u017e na Alvar Aalto univerzit\u011b v Helsink\u00e1ch, kde byla jejich pr\u00e1ce n\u011bkolikr\u00e1t ocen\u011bna. Po absolvov\u00e1n\u00ed studia na V\u0160UP v Praze se stali sou\u010d\u00e1st\u00ed nastupuj\u00edc\u00ed sv\u011b\u017e\u00ed generace \u010desk\u00fdch design\u00e9r\u016f vyzna\u010duj\u00edc\u00ed se \u0161irokou \u0161k\u00e1lou z\u00e1jm\u016f a profesion\u00e1ln\u00edm p\u0159\u00edstupem [&hellip;]<\/p>\n","protected":false},"author":1,"featured_media":895,"parent":0,"menu_order":0,"comment_status":"closed","ping_status":"closed","template":"page-about.php","meta":{"_acf_changed":false,"footnotes":""},"acf":[],"_links":{"self":[{"href":"https:\/\/vrtiskazak.com\/cs\/wp-json\/wp\/v2\/pages\/10"}],"collection":[{"href":"https:\/\/vrtiskazak.com\/cs\/wp-json\/wp\/v2\/pages"}],"about":[{"href":"https:\/\/vrtiskazak.com\/cs\/wp-json\/wp\/v2\/types\/page"}],"author":[{"embeddable":true,"href":"https:\/\/vrtiskazak.com\/cs\/wp-json\/wp\/v2\/users\/1"}],"replies":[{"embeddable":true,"href":"https:\/\/vrtiskazak.com\/cs\/wp-json\/wp\/v2\/comments?post=10"}],"version-history":[{"count":20,"href":"https:\/\/vrtiskazak.com\/cs\/wp-json\/wp\/v2\/pages\/10\/revisions"}],"predecessor-version":[{"id":1487,"href":"https:\/\/vrtiskazak.com\/cs\/wp-json\/wp\/v2\/pages\/10\/revisions\/1487"}],"wp:featuredmedia":[{"embeddable":true,"href":"https:\/\/vrtiskazak.com\/cs\/wp-json\/wp\/v2\/media\/895"}],"wp:attachment":[{"href":"https:\/\/vrtiskazak.com\/cs\/wp-json\/wp\/v2\/media?parent=10"}],"curies":[{"name":"wp","href":"https:\/\/api.w.org\/{rel}","templated":true}]}}